{"id":181,"date":"2016-06-22T11:18:08","date_gmt":"2016-06-22T10:18:08","guid":{"rendered":"http:\/\/barbecute.fr\/?page_id=181"},"modified":"2016-06-22T11:18:43","modified_gmt":"2016-06-22T10:18:43","slug":"mentions-legales-conditions-generales-d-utilisation","status":"publish","type":"page","link":"https:\/\/barbecute.fr\/index.php\/mentions-legales-conditions-generales-d-utilisation\/","title":{"rendered":"Mentions l\u00e9gales"},"content":{"rendered":"<p>[vc_row row_type=\u00a0\u00bbrow\u00a0\u00bb use_row_as_full_screen_section=\u00a0\u00bbno\u00a0\u00bb type=\u00a0\u00bbfull_width\u00a0\u00bb angled_section=\u00a0\u00bbno\u00a0\u00bb text_align=\u00a0\u00bbleft\u00a0\u00bb background_image_as_pattern=\u00a0\u00bbwithout_pattern\u00a0\u00bb css_animation=\u00a0\u00bb\u00a0\u00bb][vc_column][vc_tabs style=\u00a0\u00bbhorizontal\u00a0\u00bb][vc_tab title=\u00a0\u00bbMentions L\u00e9gales\u00a0\u00bb tab_id=\u00a0\u00bb6a920c34-3a48-0&Prime;][vc_column_text]<\/p>\n<p style=\"text-align: center;\">Le pr\u00e9sent site est la propri\u00e9t\u00e9 de la Soci\u00e9t\u00e9 FORTUS<\/p>\n<p>[\/vc_column_text][vc_empty_space height=\u00a0\u00bb20px\u00a0\u00bb][vc_column_text]<\/p>\n<p style=\"text-align: center;\">SARL au capital de 260 000 \u20ac<br \/>\nSi\u00e8ge social : 28 Bis rue du Goulet &#8211; 93300 Aubervilliers<br \/>\nImmatricul\u00e9e au Registre du commerce et des soci\u00e9t\u00e9s de BOBIGNY<br \/>\nsous le num\u00e9ro de SIRET : 539 758 854<br \/>\nN\u00b0 identifiant TVA FR 90 539 758 854<\/p>\n<p>\u00a0[\/vc_column_text][vc_empty_space height=\u00a0\u00bb20px\u00a0\u00bb][vc_column_text]<\/p>\n<p style=\"text-align: center;\">T\u00e9l. : 0811 46 18 48<br \/>\nVous pouvez nous contacter par mail en cliquant ici.<\/p>\n<p>[\/vc_column_text][vc_empty_space height=\u00a0\u00bb20px\u00a0\u00bb][vc_column_text]<\/p>\n<p style=\"text-align: center;\">Directeur de la publication : Rapha\u00ebl Niddan<\/p>\n<p>\u00a0[\/vc_column_text][vc_empty_space height=\u00a0\u00bb20px\u00a0\u00bb][vc_column_text]<\/p>\n<p style=\"text-align: center;\">Ce site est heberg\u00e9 par :<\/p>\n<p style=\"text-align: center;\">OVH<br \/>\n2 Rue Kellermann &#8211; 59100 Roubaix<br \/>\nT\u00e9l. : 1007<\/p>\n<p>[\/vc_column_text][\/vc_tab][vc_tab title=\u00a0\u00bbCGU\u00a0\u00bb tab_id=\u00a0\u00bb08001b81-ea47-0&Prime;][vc_column_text]<strong>CONDITIONS D&rsquo;UTILISATION<\/strong><\/p>\n<p><strong>Merci de lire ces conditions attentivement avant d&rsquo;utiliser le site Barbecute.fr . En utilisant le site Barbecute.fr , vous acceptez d&rsquo;\u00eatre soumis aux pr\u00e9sentes conditions.<\/strong><\/p>\n<ol>\n<li><strong> VIE PRIVEE<\/strong><\/li>\n<\/ol>\n<p>Le renseignement des informations nominatives collect\u00e9es aux fins de la vente \u00e0 distance est obligatoire, ces informations \u00e9tant indispensables pour le traitement et l&rsquo;acheminement des commandes, l&rsquo;\u00e9tablissement des factures etc. Le d\u00e9faut de renseignement entra\u00eene la non validation de la commande. Conform\u00e9ment \u00e0 la loi &lsquo;Informatique et Libert\u00e9s&rsquo;, le traitement des informations nominatives relatives aux clients a fait l&rsquo;objet d&rsquo;une d\u00e9claration aupr\u00e8s de la Commission Nationale de l&rsquo;Informatique et des Libert\u00e9s (CNIL). Le client dispose (article 34 de la loi du 6 janvier 1978) d&rsquo;un droit d&rsquo;acc\u00e8s, de modification, de rectification et de suppression des donn\u00e9es qui le concernent, qu&rsquo;il peut exercer aupr\u00e8s de Barbecute.fr.<\/p>\n<ol start=\"2\">\n<li><strong> PROPRIETE INTELLECTUELLE, DROIT D&rsquo;AUTEUR, ET PROTECTION DES BASES DE DONNEES<\/strong><\/li>\n<\/ol>\n<p>Tout le contenu pr\u00e9sent sur le site barbecute.fr, tels que les textes, les graphiques, les logos, les boutons, les images et les compilations de donn\u00e9es, est la propri\u00e9t\u00e9 de Fortus et est prot\u00e9g\u00e9 par le droit fran\u00e7ais et international de la propri\u00e9t\u00e9 intellectuelle, d&rsquo;auteur et de protection des bases de donn\u00e9es.<\/p>\n<ol start=\"3\">\n<li><strong> VOTRE COMPTE<\/strong><\/li>\n<\/ol>\n<p>Vous \u00eates responsable du maintien de la confidentialit\u00e9 de votre compte et mot de passe, des restrictions d&rsquo;acc\u00e8s \u00e0 votre ordinateur et autres \u00e9quipements. Vous devez prendre toutes les mesures n\u00e9cessaires pour vous assurer que votre mot de passe reste confidentiel et s\u00e9curis\u00e9, et devez nous informer imm\u00e9diatement si vous avez des raisons de croire que votre mot de passe est connu de quelqu&rsquo;un d&rsquo;autre, ou si le mot de passe est utilis\u00e9 ou susceptible d&rsquo;\u00eatre utilis\u00e9 de mani\u00e8re non autoris\u00e9e. Vous \u00eates responsable de la validit\u00e9 et du caract\u00e8re complets des informations que vous nous avez fournies, et devez nous informer de tout changement concernant ces informations. Vous pouvez acc\u00e9der \u00e0 vos informations et les modifier, ainsi que vos param\u00e8tres de compte, dans l&rsquo;espace\u00a0client\u00a0du site internet.<\/p>\n<p>Nous nous r\u00e9servons le droit de refuser l&rsquo;acc\u00e8s, de fermer un compte, de retirer ou d&rsquo;\u00e9diter du contenu si vous \u00eates en violation des lois applicables, de ces Conditions d&rsquo;utilisation ou tous autres termes, conditions, lignes directrices ou politique d&rsquo;Amazon.<\/p>\n<ol start=\"4\">\n<li><strong> NOTRE RESPONSABILITE<\/strong><\/li>\n<\/ol>\n<p>Nous ferons de notre mieux pour assurer la disponibilit\u00e9 du site converair.fr et que les transmissions se feront sans erreurs. Toutefois, du fait de la nature d&rsquo;internet, ceci ne peut \u00eatre garanti. De plus, votre acc\u00e8s peut occasionnellement \u00eatre suspendu ou limit\u00e9 pour permettre des r\u00e9parations, la maintenance, ou ajouter une nouvelle fonctionnalit\u00e9 ou un nouveau service. Nous nous efforcerons de limiter la fr\u00e9quence et la dur\u00e9e de ces suspensions ou limitations.<\/p>\n<ol start=\"5\">\n<li><strong> MODIFICATION DU SERVICE OU DES CONDITIONS D&rsquo;UTILISATION<\/strong><\/li>\n<\/ol>\n<p>Nous nous r\u00e9servons le droit de faire des modifications sur tout Barbecute.fr, \u00e0 nos proc\u00e9dures, \u00e0 nos termes et conditions, y compris les pr\u00e9sentes Conditions d&rsquo;utilisation \u00e0 tout moment. Vous \u00eates soumis aux termes et conditions, proc\u00e9dures et Conditions d&rsquo;utilisation en vigueur au moment o\u00f9 vous utilisez le site.[\/vc_column_text][\/vc_tab][\/vc_tabs][\/vc_column][\/vc_row]<\/p>\n","protected":false},"excerpt":{"rendered":"<p>[vc_row row_type=\u00a0\u00bbrow\u00a0\u00bb use_row_as_full_screen_section=\u00a0\u00bbno\u00a0\u00bb type=\u00a0\u00bbfull_width\u00a0\u00bb angled_section=\u00a0\u00bbno\u00a0\u00bb text_align=\u00a0\u00bbleft\u00a0\u00bb background_image_as_pattern=\u00a0\u00bbwithout_pattern\u00a0\u00bb css_animation=\u00a0\u00bb\u00a0\u00bb][vc_column][vc_tabs style=\u00a0\u00bbhorizontal\u00a0\u00bb][vc_tab title=\u00a0\u00bbMentions L\u00e9gales\u00a0\u00bb tab_id=\u00a0\u00bb6a920c34-3a48-0&Prime;][vc_column_text] Le pr\u00e9sent site est la propri\u00e9t\u00e9 de la Soci\u00e9t\u00e9 FORTUS [\/vc_column_text][vc_empty_space height=\u00a0\u00bb20px\u00a0\u00bb][vc_column_text] SARL au capital de 260 000 \u20ac Si\u00e8ge social : 28 Bis rue du Goulet &#8211; 93300 Aubervilliers Immatricul\u00e9e au Registre&#8230;<\/p>\n","protected":false},"author":1,"featured_media":162,"parent":0,"menu_order":0,"comment_status":"closed","ping_status":"closed","template":"","meta":{"jetpack_post_was_ever_published":false},"yoast_head":"<!-- This site is optimized with the Yoast SEO plugin v20.1 - https:\/\/yoast.com\/wordpress\/plugins\/seo\/ -->\n<title>Mentions l\u00e9gales - Barbecute<\/title>\n<meta name=\"robots\" content=\"index, follow, max-snippet:-1, max-image-preview:large, max-video-preview:-1\" \/>\n<link rel=\"canonical\" href=\"https:\/\/barbecute.fr\/index.php\/mentions-legales-conditions-generales-d-utilisation\/\" \/>\n<meta property=\"og:locale\" content=\"fr_FR\" \/>\n<meta property=\"og:type\" content=\"article\" \/>\n<meta property=\"og:title\" content=\"Mentions l\u00e9gales - Barbecute\" \/>\n<meta property=\"og:description\" content=\"[vc_row row_type=\u00a0\u00bbrow\u00a0\u00bb use_row_as_full_screen_section=\u00a0\u00bbno\u00a0\u00bb type=\u00a0\u00bbfull_width\u00a0\u00bb angled_section=\u00a0\u00bbno\u00a0\u00bb text_align=\u00a0\u00bbleft\u00a0\u00bb background_image_as_pattern=\u00a0\u00bbwithout_pattern\u00a0\u00bb css_animation=\u00a0\u00bb\u00a0\u00bb][vc_column][vc_tabs style=\u00a0\u00bbhorizontal\u00a0\u00bb][vc_tab title=\u00a0\u00bbMentions L\u00e9gales\u00a0\u00bb tab_id=\u00a0\u00bb6a920c34-3a48-0&Prime;][vc_column_text] Le pr\u00e9sent site est la propri\u00e9t\u00e9 de la Soci\u00e9t\u00e9 FORTUS [\/vc_column_text][vc_empty_space height=\u00a0\u00bb20px\u00a0\u00bb][vc_column_text] SARL au capital de 260 000 \u20ac Si\u00e8ge social : 28 Bis rue du Goulet &#8211; 93300 Aubervilliers Immatricul\u00e9e au Registre...\" \/>\n<meta property=\"og:url\" content=\"https:\/\/barbecute.fr\/index.php\/mentions-legales-conditions-generales-d-utilisation\/\" \/>\n<meta property=\"og:site_name\" content=\"Barbecute\" \/>\n<meta property=\"article:modified_time\" content=\"2016-06-22T10:18:43+00:00\" \/>\n<meta property=\"og:image\" content=\"http:\/\/barbecute.fr\/wp-content\/uploads\/2016\/06\/logofirst.png\" \/>\n\t<meta property=\"og:image:width\" content=\"398\" \/>\n\t<meta property=\"og:image:height\" content=\"193\" \/>\n\t<meta property=\"og:image:type\" content=\"image\/png\" \/>\n<meta name=\"twitter:card\" content=\"summary_large_image\" \/>\n<meta name=\"twitter:label1\" content=\"Dur\u00e9e de lecture estim\u00e9e\" \/>\n\t<meta name=\"twitter:data1\" content=\"4 minutes\" \/>\n<script type=\"application\/ld+json\" class=\"yoast-schema-graph\">{\"@context\":\"https:\/\/schema.org\",\"@graph\":[{\"@type\":\"WebPage\",\"@id\":\"https:\/\/barbecute.fr\/index.php\/mentions-legales-conditions-generales-d-utilisation\/\",\"url\":\"https:\/\/barbecute.fr\/index.php\/mentions-legales-conditions-generales-d-utilisation\/\",\"name\":\"Mentions l\u00e9gales - Barbecute\",\"isPartOf\":{\"@id\":\"https:\/\/barbecute.fr\/#website\"},\"datePublished\":\"2016-06-22T10:18:08+00:00\",\"dateModified\":\"2016-06-22T10:18:43+00:00\",\"breadcrumb\":{\"@id\":\"https:\/\/barbecute.fr\/index.php\/mentions-legales-conditions-generales-d-utilisation\/#breadcrumb\"},\"inLanguage\":\"fr-FR\",\"potentialAction\":[{\"@type\":\"ReadAction\",\"target\":[\"https:\/\/barbecute.fr\/index.php\/mentions-legales-conditions-generales-d-utilisation\/\"]}]},{\"@type\":\"BreadcrumbList\",\"@id\":\"https:\/\/barbecute.fr\/index.php\/mentions-legales-conditions-generales-d-utilisation\/#breadcrumb\",\"itemListElement\":[{\"@type\":\"ListItem\",\"position\":1,\"name\":\"Accueil\",\"item\":\"https:\/\/barbecute.fr\/\"},{\"@type\":\"ListItem\",\"position\":2,\"name\":\"Mentions l\u00e9gales\"}]},{\"@type\":\"WebSite\",\"@id\":\"https:\/\/barbecute.fr\/#website\",\"url\":\"https:\/\/barbecute.fr\/\",\"name\":\"Barbecute\",\"description\":\"Original, rapide, compact et pratique!\",\"potentialAction\":[{\"@type\":\"SearchAction\",\"target\":{\"@type\":\"EntryPoint\",\"urlTemplate\":\"https:\/\/barbecute.fr\/?s={search_term_string}\"},\"query-input\":\"required name=search_term_string\"}],\"inLanguage\":\"fr-FR\"}]}<\/script>\n<!-- \/ Yoast SEO plugin. -->","yoast_head_json":{"title":"Mentions l\u00e9gales - Barbecute","robots":{"index":"index","follow":"follow","max-snippet":"max-snippet:-1","max-image-preview":"max-image-preview:large","max-video-preview":"max-video-preview:-1"},"canonical":"https:\/\/barbecute.fr\/index.php\/mentions-legales-conditions-generales-d-utilisation\/","og_locale":"fr_FR","og_type":"article","og_title":"Mentions l\u00e9gales - Barbecute","og_description":"[vc_row row_type=\u00a0\u00bbrow\u00a0\u00bb use_row_as_full_screen_section=\u00a0\u00bbno\u00a0\u00bb type=\u00a0\u00bbfull_width\u00a0\u00bb angled_section=\u00a0\u00bbno\u00a0\u00bb text_align=\u00a0\u00bbleft\u00a0\u00bb background_image_as_pattern=\u00a0\u00bbwithout_pattern\u00a0\u00bb css_animation=\u00a0\u00bb\u00a0\u00bb][vc_column][vc_tabs style=\u00a0\u00bbhorizontal\u00a0\u00bb][vc_tab title=\u00a0\u00bbMentions L\u00e9gales\u00a0\u00bb tab_id=\u00a0\u00bb6a920c34-3a48-0&Prime;][vc_column_text] Le pr\u00e9sent site est la propri\u00e9t\u00e9 de la Soci\u00e9t\u00e9 FORTUS [\/vc_column_text][vc_empty_space height=\u00a0\u00bb20px\u00a0\u00bb][vc_column_text] SARL au capital de 260 000 \u20ac Si\u00e8ge social : 28 Bis rue du Goulet &#8211; 93300 Aubervilliers Immatricul\u00e9e au Registre...","og_url":"https:\/\/barbecute.fr\/index.php\/mentions-legales-conditions-generales-d-utilisation\/","og_site_name":"Barbecute","article_modified_time":"2016-06-22T10:18:43+00:00","og_image":[{"width":398,"height":193,"url":"http:\/\/barbecute.fr\/wp-content\/uploads\/2016\/06\/logofirst.png","type":"image\/png"}],"twitter_card":"summary_large_image","twitter_misc":{"Dur\u00e9e de lecture estim\u00e9e":"4 minutes"},"schema":{"@context":"https:\/\/schema.org","@graph":[{"@type":"WebPage","@id":"https:\/\/barbecute.fr\/index.php\/mentions-legales-conditions-generales-d-utilisation\/","url":"https:\/\/barbecute.fr\/index.php\/mentions-legales-conditions-generales-d-utilisation\/","name":"Mentions l\u00e9gales - Barbecute","isPartOf":{"@id":"https:\/\/barbecute.fr\/#website"},"datePublished":"2016-06-22T10:18:08+00:00","dateModified":"2016-06-22T10:18:43+00:00","breadcrumb":{"@id":"https:\/\/barbecute.fr\/index.php\/mentions-legales-conditions-generales-d-utilisation\/#breadcrumb"},"inLanguage":"fr-FR","potentialAction":[{"@type":"ReadAction","target":["https:\/\/barbecute.fr\/index.php\/mentions-legales-conditions-generales-d-utilisation\/"]}]},{"@type":"BreadcrumbList","@id":"https:\/\/barbecute.fr\/index.php\/mentions-legales-conditions-generales-d-utilisation\/#breadcrumb","itemListElement":[{"@type":"ListItem","position":1,"name":"Accueil","item":"https:\/\/barbecute.fr\/"},{"@type":"ListItem","position":2,"name":"Mentions l\u00e9gales"}]},{"@type":"WebSite","@id":"https:\/\/barbecute.fr\/#website","url":"https:\/\/barbecute.fr\/","name":"Barbecute","description":"Original, rapide, compact et pratique!","potentialAction":[{"@type":"SearchAction","target":{"@type":"EntryPoint","urlTemplate":"https:\/\/barbecute.fr\/?s={search_term_string}"},"query-input":"required name=search_term_string"}],"inLanguage":"fr-FR"}]}},"jetpack_sharing_enabled":true,"jetpack_shortlink":"https:\/\/wp.me\/P7F0M6-2V","jetpack-related-posts":[{"id":5,"url":"https:\/\/barbecute.fr\/","url_meta":{"origin":181,"position":0},"title":"Home","date":"1 juin 2016","format":false,"excerpt":"[vc_row row_type=\"row\" use_row_as_full_screen_section=\"yes\" type=\"full_width\" header_style=\"light\" anchor=\"intro\" angled_section=\"no\" text_align=\"left\" background_image=\"142\" background_image_as_pattern=\"without_pattern\" css_animation=\"\" el_id=\"Intro\"][vc_column][qode_elements_holder number_of_columns=\"one_column\"][qode_elements_holder_item item_padding=\"0 0 5% 0\" vertical_alignment=\"middle\" advanced_animations=\"no\"][vc_empty_space height=\"75px\"][vc_single_image image=\"162\" img_size=\"full\" alignment=\"center\" qode_css_animation=\"element_from_top\" transition_delay=\"2\"][vc_empty_space height=\"33px\"][vc_single_image image=\"164\" img_size=\"full\" alignment=\"center\" qode_css_animation=\"element_from_bottom\" transition_delay=\"2\"][vc_empty_space height=\"300px\"][\/qode_elements_holder_item][\/qode_elements_holder][\/vc_column][\/vc_row][vc_row row_type=\"row\" use_row_as_full_screen_section=\"no\" type=\"grid\" header_style=\"light\" anchor=\"features\" angled_section=\"no\" text_align=\"center\" background_image_as_pattern=\"without_pattern\" css_animation=\"\" css=\".vc_custom_1466604774537{padding-top: 124px !important;}\" el_id=\"avantages\"][vc_column][vc_column_text] Les points forts [\/vc_column_text][vc_empty_space height=\"23px\"][vc_column_text]\u2026","rel":"","context":"Article similaire","img":{"alt_text":"","src":"","width":0,"height":0},"classes":[]}],"_links":{"self":[{"href":"https:\/\/barbecute.fr\/index.php\/wp-json\/wp\/v2\/pages\/181"}],"collection":[{"href":"https:\/\/barbecute.fr\/index.php\/wp-json\/wp\/v2\/pages"}],"about":[{"href":"https:\/\/barbecute.fr\/index.php\/wp-json\/wp\/v2\/types\/page"}],"author":[{"embeddable":true,"href":"https:\/\/barbecute.fr\/index.php\/wp-json\/wp\/v2\/users\/1"}],"replies":[{"embeddable":true,"href":"https:\/\/barbecute.fr\/index.php\/wp-json\/wp\/v2\/comments?post=181"}],"version-history":[{"count":8,"href":"https:\/\/barbecute.fr\/index.php\/wp-json\/wp\/v2\/pages\/181\/revisions"}],"predecessor-version":[{"id":189,"href":"https:\/\/barbecute.fr\/index.php\/wp-json\/wp\/v2\/pages\/181\/revisions\/189"}],"wp:featuredmedia":[{"embeddable":true,"href":"https:\/\/barbecute.fr\/index.php\/wp-json\/wp\/v2\/media\/162"}],"wp:attachment":[{"href":"https:\/\/barbecute.fr\/index.php\/wp-json\/wp\/v2\/media?parent=181"}],"curies":[{"name":"wp","href":"https:\/\/api.w.org\/{rel}","templated":true}]}}